{"id":10015897,"date":"2020-02-27T11:03:03","date_gmt":"2020-02-27T10:03:03","guid":{"rendered":"https:\/\/cap-epalinges.ch\/?post_type=tribe_events&#038;p=5225"},"modified":"2021-07-15T20:39:28","modified_gmt":"2021-07-15T18:39:28","slug":"femmes-en-marche","status":"publish","type":"tribe_events","link":"https:\/\/cap-epalinges.ch\/event\/femmes-en-marche\/2020-10-08\/","title":{"rendered":"Femmes en marche !"},"content":{"rendered":"<h4>Le projet \u201cfemmes en marche!\u201d en quelques mots :<\/h4>\n<p>Il est n\u00e9 suite \u00e0 l\u2019interpellation de Mme Muriel Cuendet Schmidt au sujet de la place des femmes dans l\u2019espace public et de leur accessibilit\u00e9 \u00e0 celui-ci. La Municipalit\u00e9 souhaite donner la parole aux femmes. Le but de ces deux marches exploratoires est d\u2019identifier les besoins sp\u00e9cifiques des femmes dans l\u2019espace public et de permettre de r\u00e9pondre aux probl\u00e8mes qu\u2019elles auront identifi\u00e9s.<\/p>\n<p>Epalinges, tout comme la plupart des villes suisses, s\u2019est d\u00e9velopp\u00e9e rapidement. Aujourd\u2019hui, une nouvelle dimension appara\u00eet d\u00e8s lors comme essentielle dans l\u2019am\u00e9nagement des espaces publics de ces villes : l\u2019accessibilit\u00e9 universelle et non-discriminatoire. Or, il semble que certains endroits soient particuli\u00e8rement appr\u00e9ci\u00e9s ou \u00e9vit\u00e9s par les femmes. La participation et la parole des femmes sont fondamentales pour offrir des espaces accueillants et favoriser la diversit\u00e9 des usagers et usag\u00e8res et cr\u00e9er v\u00e9ritablement une ville <u>inclusive et dynamique.<\/u> En effet, prendre en compte les besoins des femmes dans l\u2019espace public en termes d\u2019utilisation et d\u2019am\u00e9nagement est primordial car cette dimension englobe \u00e9galement toutes les vuln\u00e9rabilit\u00e9s et sp\u00e9cificit\u00e9s de diff\u00e9rents publics : enfants pour le chemin de l\u2019\u00e9cole, familles pour les loisirs et la mobilit\u00e9, personnes \u00e0 mobilit\u00e9 r\u00e9duite pour l\u2019accessibilit\u00e9 et le stationnement.<\/p>\n<h4>Pour participer au projet :<\/h4>\n<p>MERCREDI 30 SEPTEMBRE dans le quartier de la Croix-Blanche (d\u00e9part sur la place)<\/p>\n<p>JEUDI 8 OCTOBRE dans le quartier des Croisettes (d\u00e9part dans le sous-voie du m\u00e9tro)<\/p>\n<p><em>Parcours \u00e0 pied facile et accessible \u00e0 toutes.<br \/>\nAp\u00e9ritif offert \u00e0 l\u2019issue des marches.<\/em><\/p>\n<p>Inscriptions et renseignements compl\u00e9mentaires :<br \/>\nCAP, Delphine Airoldi<br \/>\n<a class=\"liens-hover-gras\" href=\"mailto:delphine.airoldi@epalinges.ch\">delphine.airoldi@epalinges.ch<\/a><br \/>\n079 552 66 51 ou 021 784 10 39<\/p>\n<p>T\u00e9l\u00e9chargez le flyer <a href=\"https:\/\/cap-epalinges.ch\/imagesgk\/2020\/09\/Flyer-femmes-en-marche-27.08.pdf\" target=\"_blank\" rel=\"noopener noreferrer\">ici<\/a><\/p>\n","protected":false},"excerpt":{"rendered":"<p>Quelle place pour les femmes dans l&rsquo;espace public ? Invitation \u00e0 une marche exploratoire.<\/p>\n","protected":false},"author":3,"featured_media":5253,"template":"","meta":{"_gkelmt_built_use_built":"off","_gkelmt_built_old_content":"<p>Cet \u00e9v\u00e9nement est report\u00e9. Nous vous tiendrons inform\u00e9.e.s quant aux nouvelles dates des marches exploratoires au plus vite.<\/p><p>\u00a0<\/p><p><strong>QUELLE PLACE POUR LES\u00a0FEMMES DANS L'ESPACE\u00a0PUBLIC?<\/strong><\/p><p><strong>Invitation \u00e0 une marche exploratoire:<\/strong><\/p><p><strong>Jeudi 26 mars dans le quartier de la Croix-Blanche:\u00a0d\u00e9part sur la place<\/strong><\/p><p><strong>et<\/strong><\/p><p><strong>Mercredi 8 avril dans le quartier des Croisettes: d\u00e9part dans le sous-voie du m\u00e9tro<\/strong><\/p><p><strong><u>Le projet femmes en marche! en quelques mots:<\/u><\/strong><\/p><p>Il est n\u00e9 suite \u00e0 l\u2019interpellation de Mme Muriel Cuendet Schmidt au sujet de la place des femmes dans l\u2019espace public et de leur accessibilit\u00e9 \u00e0 celui-ci.\u00a0La Municipalit\u00e9 souhaite donner la parole aux femmes. Le but de ces deux marches exploratoires est d\u2019identifier les besoins sp\u00e9cifiques des femmes dans l\u2019espace public et de permettre de r\u00e9pondre aux probl\u00e8mes qu\u2019elles auront identifi\u00e9s.<\/p><p>Epalinges, tout comme la plupart des villes suisses, s\u2019est d\u00e9velopp\u00e9e rapidement. Aujourd\u2019hui, une nouvelle dimension appara\u00eet d\u00e8s lors comme essentielle dans l\u2019am\u00e9nagement des espaces publics de ces villes\u00a0: l\u2019accessibilit\u00e9 universelle et non-discriminatoire. Or, il semble que certains endroits soient particuli\u00e8rement appr\u00e9ci\u00e9s ou \u00e9vit\u00e9s par les femmes.<\/p><p>La participation et la parole des femmes sont essentielles pour offrir des espaces accueillants et favoriser la diversit\u00e9 des usagers et usag\u00e8res et cr\u00e9er v\u00e9ritablement une ville <u>inclusive et dynamique.<\/u><\/p><p>En effet, prendre en compte les besoins des femmes dans l\u2019espace public en termes d\u2019utilisation et d\u2019am\u00e9nagement est essentielle car cette dimension englobe \u00e9galement toutes les vuln\u00e9rabilit\u00e9s et sp\u00e9cificit\u00e9s de diff\u00e9rents publics\u00a0: enfants pour le chemin de l\u2019\u00e9cole, familles pour les loisirs et la mobilit\u00e9, personnes \u00e0 mobilit\u00e9 r\u00e9duite pour l\u2019accessibilit\u00e9 et le stationnement).<\/p><p>Alors, filles et femmes d\u2019Epalinges, place \u00e0 l\u2019action avec nous\u00a0!<\/p><p><strong><u>Informations pratiques\u00a0:<\/u><\/strong><\/p><p><strong>Parcours \u00e0 pied accessible \u00e0 toutes (poussettes et rollator bienvenus). Environ 1h00 de marche \u00e0 rythme lent avec pauses r\u00e9guli\u00e8res.<\/strong><\/p><p><strong>Ap\u00e9ritif offert \u00e0 l\u2019issue des marches<\/strong><\/p><p><strong>Inscriptions et renseignements compl\u00e9mentaires aupr\u00e8s du CAP, Delphine Airoldi <a href=\"mailto:delphine.airoldi@epalinges.ch\">delphine.airoldi@epalinges.ch<\/a>, 021\/784 10 39<\/strong><\/p>","_gkelmt_gb_content_width":"","_tribe_events_status":"","_tribe_events_status_reason":"","_tribe_events_is_hybrid":"","_tribe_events_is_virtual":"","_tribe_events_virtual_video_source":"","_tribe_events_virtual_embed_video":"","_tribe_events_virtual_linked_button_text":"","_tribe_events_virtual_linked_button":"","_tribe_events_virtual_show_embed_at":"","_tribe_events_virtual_show_embed_to":[],"_tribe_events_virtual_show_on_event":"","_tribe_events_virtual_show_on_views":"","_tribe_events_virtual_url":"","footnotes":""},"tags":[],"tribe_events_cat":[27,31,57],"class_list":["post-10015897","tribe_events","type-tribe_events","status-publish","has-post-thumbnail","hentry","tribe_events_cat-cap-jeunes","tribe_events_cat-cap-familles","tribe_events_cat-projgkelmt-femmes-en-marche","cat_cap-jeunes","cat_cap-familles","cat_projgkelmt-femmes-en-marche","tribe-recurring-event","tribe-recurring-event-parent"],"seo_gk_head":"<!-- This site is optimized with the Yoast SEO plugin v27.5 - https:\/\/yoast.com\/product\/yoast-seo-wordpress\/ -->\n<title>CAP \u2013 Centre d\u2019animation socioculturelle Palinzard &#062; Femmes en marche !<\/title>\n<meta name=\"robots\" content=\"index, follow, max-snippet:-1, max-image-preview:large, max-video-preview:-1\" \/>\n<link rel=\"canonical\" href=\"https:\/\/cap-epalinges.ch\/event\/femmes-en-marche\/2020-10-08\/\" \/>\n<meta property=\"og:locale\" content=\"fr_FR\" \/>\n<meta property=\"og:type\" content=\"article\" \/>\n<meta property=\"og:title\" content=\"CAP \u2013 Centre d\u2019animation socioculturelle Palinzard &#062; Femmes en marche !\" \/>\n<meta property=\"og:description\" content=\"Quelle place pour les femmes dans l&#039;espace public ? Invitation \u00e0 une marche exploratoire.\" \/>\n<meta property=\"og:url\" content=\"https:\/\/cap-epalinges.ch\/event\/femmes-en-marche\/2020-10-08\/\" \/>\n<meta property=\"og:site_name\" content=\"CAP \u2013 Centre d\u2019animation socioculturelle Palinzard\" \/>\n<meta property=\"article:publisher\" content=\"https:\/\/www.facebook.com\/CAP.Epalinges\/\" \/>\n<meta property=\"article:modified_time\" content=\"2021-07-15T18:39:28+00:00\" \/>\n<meta property=\"og:image\" content=\"https:\/\/cap-epalinges.ch\/imagesgk\/2020\/02\/Dessin-femmes-en-marche-e1583073783684.jpg\" \/>\n\t<meta property=\"og:image:width\" content=\"500\" \/>\n\t<meta property=\"og:image:height\" content=\"354\" \/>\n\t<meta property=\"og:image:type\" content=\"image\/jpeg\" \/>\n<meta name=\"twitter:card\" content=\"summary_large_image\" \/>\n<meta name=\"twitter:label1\" content=\"Dur\u00e9e de lecture estim\u00e9e\" \/>\n\t<meta name=\"twitter:data1\" content=\"1 minute\" \/>\n<script type=\"application\/ld+json\" class=\"seo_gk-schema-graph\">{\"@context\":\"https:\\\/\\\/schema.org\",\"@graph\":[{\"@type\":\"WebPage\",\"@id\":\"https:\\\/\\\/cap-epalinges.ch\\\/event\\\/femmes-en-marche\\\/2020-10-08\\\/\",\"url\":\"https:\\\/\\\/cap-epalinges.ch\\\/event\\\/femmes-en-marche\\\/2020-10-08\\\/\",\"name\":\"CAP \u2013 Centre d\u2019animation socioculturelle Palinzard &#062; Femmes en marche !\",\"isPartOf\":{\"@id\":\"https:\\\/\\\/cap-epalinges.ch\\\/#website\"},\"primaryImageOfPage\":{\"@id\":\"https:\\\/\\\/cap-epalinges.ch\\\/event\\\/femmes-en-marche\\\/2020-10-08\\\/#primaryimage\"},\"image\":{\"@id\":\"https:\\\/\\\/cap-epalinges.ch\\\/event\\\/femmes-en-marche\\\/2020-10-08\\\/#primaryimage\"},\"thumbnailUrl\":\"https:\\\/\\\/cap-epalinges.ch\\\/contenusgk\\\/uploads\\\/2020\\\/02\\\/Dessin-femmes-en-marche-e1583073783684.jpg\",\"datePublished\":\"2020-02-27T10:03:03+00:00\",\"dateModified\":\"2021-07-15T18:39:28+00:00\",\"breadcrumb\":{\"@id\":\"https:\\\/\\\/cap-epalinges.ch\\\/event\\\/femmes-en-marche\\\/2020-10-08\\\/#breadcrumb\"},\"inLanguage\":\"fr-FR\",\"potentialAction\":[{\"@type\":\"ReadAction\",\"target\":[\"https:\\\/\\\/cap-epalinges.ch\\\/event\\\/femmes-en-marche\\\/2020-10-08\\\/\"]}]},{\"@type\":\"ImageObject\",\"inLanguage\":\"fr-FR\",\"@id\":\"https:\\\/\\\/cap-epalinges.ch\\\/event\\\/femmes-en-marche\\\/2020-10-08\\\/#primaryimage\",\"url\":\"https:\\\/\\\/cap-epalinges.ch\\\/contenusgk\\\/uploads\\\/2020\\\/02\\\/Dessin-femmes-en-marche-e1583073783684.jpg\",\"contentUrl\":\"https:\\\/\\\/cap-epalinges.ch\\\/contenusgk\\\/uploads\\\/2020\\\/02\\\/Dessin-femmes-en-marche-e1583073783684.jpg\",\"width\":500,\"height\":354},{\"@type\":\"BreadcrumbList\",\"@id\":\"https:\\\/\\\/cap-epalinges.ch\\\/event\\\/femmes-en-marche\\\/2020-10-08\\\/#breadcrumb\",\"itemListElement\":[{\"@type\":\"ListItem\",\"position\":1,\"name\":\"Accueil\",\"item\":\"https:\\\/\\\/cap-epalinges.ch\\\/\"},{\"@type\":\"ListItem\",\"position\":2,\"name\":\"\u00c9v\u00e8nements\",\"item\":\"https:\\\/\\\/cap-epalinges.ch\\\/events\\\/\"},{\"@type\":\"ListItem\",\"position\":3,\"name\":\"Femmes en marche !\"}]},{\"@type\":\"WebSite\",\"@id\":\"https:\\\/\\\/cap-epalinges.ch\\\/#website\",\"url\":\"https:\\\/\\\/cap-epalinges.ch\\\/\",\"name\":\"CAP \u2013 Centre d\u2019animation socioculturelle Palinzard\",\"description\":\"\",\"publisher\":{\"@id\":\"https:\\\/\\\/cap-epalinges.ch\\\/#organization\"},\"potentialAction\":[{\"@type\":\"SearchAction\",\"target\":{\"@type\":\"EntryPoint\",\"urlTemplate\":\"https:\\\/\\\/cap-epalinges.ch\\\/?s={search_term_string}\"},\"query-input\":{\"@type\":\"PropertyValueSpecification\",\"valueRequired\":true,\"valueName\":\"search_term_string\"}}],\"inLanguage\":\"fr-FR\"},{\"@type\":\"Organization\",\"@id\":\"https:\\\/\\\/cap-epalinges.ch\\\/#organization\",\"name\":\"CAP \u2013 Centre d\u2019animation socioculturelle Palinzard\",\"alternateName\":\"CAP \u00c9PALINGES\",\"url\":\"https:\\\/\\\/cap-epalinges.ch\\\/\",\"logo\":{\"@type\":\"ImageObject\",\"inLanguage\":\"fr-FR\",\"@id\":\"https:\\\/\\\/cap-epalinges.ch\\\/#\\\/schema\\\/logo\\\/image\\\/\",\"url\":\"https:\\\/\\\/cap-epalinges.ch\\\/contenusgk\\\/uploads\\\/2019\\\/06\\\/logo_CAP_favicon.png\",\"contentUrl\":\"https:\\\/\\\/cap-epalinges.ch\\\/contenusgk\\\/uploads\\\/2019\\\/06\\\/logo_CAP_favicon.png\",\"width\":512,\"height\":512,\"caption\":\"CAP \u2013 Centre d\u2019animation socioculturelle Palinzard\"},\"image\":{\"@id\":\"https:\\\/\\\/cap-epalinges.ch\\\/#\\\/schema\\\/logo\\\/image\\\/\"},\"sameAs\":[\"https:\\\/\\\/www.facebook.com\\\/CAP.Epalinges\\\/\",\"https:\\\/\\\/www.youtube.com\\\/@cap-epalinges\"]}]}<\/script>\n<!-- \/ Yoast SEO plugin. -->","seo_gk_head_json":{"title":"CAP \u2013 Centre d\u2019animation socioculturelle Palinzard &#062; Femmes en marche !","robots":{"index":"index","follow":"follow","max-snippet":"max-snippet:-1","max-image-preview":"max-image-preview:large","max-video-preview":"max-video-preview:-1"},"canonical":"https:\/\/cap-epalinges.ch\/event\/femmes-en-marche\/2020-10-08\/","og_locale":"fr_FR","og_type":"article","og_title":"CAP \u2013 Centre d\u2019animation socioculturelle Palinzard &#062; Femmes en marche !","og_description":"Quelle place pour les femmes dans l'espace public ? Invitation \u00e0 une marche exploratoire.","og_url":"https:\/\/cap-epalinges.ch\/event\/femmes-en-marche\/2020-10-08\/","og_site_name":"CAP \u2013 Centre d\u2019animation socioculturelle Palinzard","article_publisher":"https:\/\/www.facebook.com\/CAP.Epalinges\/","article_modified_time":"2021-07-15T18:39:28+00:00","og_image":[{"width":500,"height":354,"url":"https:\/\/cap-epalinges.ch\/imagesgk\/2020\/02\/Dessin-femmes-en-marche-e1583073783684.jpg","type":"image\/jpeg"}],"twitter_card":"summary_large_image","twitter_misc":{"Dur\u00e9e de lecture estim\u00e9e":"1 minute"},"schema":{"@context":"https:\/\/schema.org","@graph":[{"@type":"WebPage","@id":"https:\/\/cap-epalinges.ch\/event\/femmes-en-marche\/2020-10-08\/","url":"https:\/\/cap-epalinges.ch\/event\/femmes-en-marche\/2020-10-08\/","name":"CAP \u2013 Centre d\u2019animation socioculturelle Palinzard &#062; Femmes en marche !","isPartOf":{"@id":"https:\/\/cap-epalinges.ch\/#website"},"primaryImageOfPage":{"@id":"https:\/\/cap-epalinges.ch\/event\/femmes-en-marche\/2020-10-08\/#primaryimage"},"image":{"@id":"https:\/\/cap-epalinges.ch\/event\/femmes-en-marche\/2020-10-08\/#primaryimage"},"thumbnailUrl":"https:\/\/cap-epalinges.ch\/imagesgk\/2020\/02\/Dessin-femmes-en-marche-e1583073783684.jpg","datePublished":"2020-02-27T10:03:03+00:00","dateModified":"2021-07-15T18:39:28+00:00","breadcrumb":{"@id":"https:\/\/cap-epalinges.ch\/event\/femmes-en-marche\/2020-10-08\/#breadcrumb"},"inLanguage":"fr-FR","potentialAction":[{"@type":"ReadAction","target":["https:\/\/cap-epalinges.ch\/event\/femmes-en-marche\/2020-10-08\/"]}]},{"@type":"ImageObject","inLanguage":"fr-FR","@id":"https:\/\/cap-epalinges.ch\/event\/femmes-en-marche\/2020-10-08\/#primaryimage","url":"https:\/\/cap-epalinges.ch\/imagesgk\/2020\/02\/Dessin-femmes-en-marche-e1583073783684.jpg","contentUrl":"https:\/\/cap-epalinges.ch\/imagesgk\/2020\/02\/Dessin-femmes-en-marche-e1583073783684.jpg","width":500,"height":354},{"@type":"BreadcrumbList","@id":"https:\/\/cap-epalinges.ch\/event\/femmes-en-marche\/2020-10-08\/#breadcrumb","itemListElement":[{"@type":"ListItem","position":1,"name":"Accueil","item":"https:\/\/cap-epalinges.ch\/"},{"@type":"ListItem","position":2,"name":"\u00c9v\u00e8nements","item":"https:\/\/cap-epalinges.ch\/events\/"},{"@type":"ListItem","position":3,"name":"Femmes en marche !"}]},{"@type":"WebSite","@id":"https:\/\/cap-epalinges.ch\/#website","url":"https:\/\/cap-epalinges.ch\/","name":"CAP \u2013 Centre d\u2019animation socioculturelle Palinzard","description":"","publisher":{"@id":"https:\/\/cap-epalinges.ch\/#organization"},"potentialAction":[{"@type":"SearchAction","target":{"@type":"EntryPoint","urlTemplate":"https:\/\/cap-epalinges.ch\/?s={search_term_string}"},"query-input":{"@type":"PropertyValueSpecification","valueRequired":true,"valueName":"search_term_string"}}],"inLanguage":"fr-FR"},{"@type":"Organization","@id":"https:\/\/cap-epalinges.ch\/#organization","name":"CAP \u2013 Centre d\u2019animation socioculturelle Palinzard","alternateName":"CAP \u00c9PALINGES","url":"https:\/\/cap-epalinges.ch\/","logo":{"@type":"ImageObject","inLanguage":"fr-FR","@id":"https:\/\/cap-epalinges.ch\/#\/schema\/logo\/image\/","url":"https:\/\/cap-epalinges.ch\/imagesgk\/2019\/06\/logo_CAP_favicon.png","contentUrl":"https:\/\/cap-epalinges.ch\/imagesgk\/2019\/06\/logo_CAP_favicon.png","width":512,"height":512,"caption":"CAP \u2013 Centre d\u2019animation socioculturelle Palinzard"},"image":{"@id":"https:\/\/cap-epalinges.ch\/#\/schema\/logo\/image\/"},"sameAs":["https:\/\/www.facebook.com\/CAP.Epalinges\/","https:\/\/www.youtube.com\/@cap-epalinges"]}]}},"_links":{"self":[{"href":"https:\/\/cap-epalinges.ch\/api-json-gk\/wp\/v2\/tribe_events\/10015897","targetHints":{"allow":["GET"]}}],"collection":[{"href":"https:\/\/cap-epalinges.ch\/api-json-gk\/wp\/v2\/tribe_events"}],"about":[{"href":"https:\/\/cap-epalinges.ch\/api-json-gk\/wp\/v2\/types\/tribe_events"}],"author":[{"embeddable":true,"href":"https:\/\/cap-epalinges.ch\/api-json-gk\/wp\/v2\/users\/3"}],"version-history":[{"count":0,"href":"https:\/\/cap-epalinges.ch\/api-json-gk\/wp\/v2\/tribe_events\/10015897\/revisions"}],"wp:featuredmedia":[{"embeddable":true,"href":"https:\/\/cap-epalinges.ch\/api-json-gk\/wp\/v2\/media\/5253"}],"wp:attachment":[{"href":"https:\/\/cap-epalinges.ch\/api-json-gk\/wp\/v2\/media?parent=10015897"}],"wp:term":[{"taxonomy":"post_tag","embeddable":true,"href":"https:\/\/cap-epalinges.ch\/api-json-gk\/wp\/v2\/tags?post=10015897"},{"taxonomy":"tribe_events_cat","embeddable":true,"href":"https:\/\/cap-epalinges.ch\/api-json-gk\/wp\/v2\/tribe_events_cat?post=10015897"}],"curies":[{"name":"wp","href":"https:\/\/api.w.org\/{rel}","templated":true}]}}