{"id":243865,"date":"2022-12-16T10:30:43","date_gmt":"2022-12-16T09:30:43","guid":{"rendered":"https:\/\/cap-epalinges.ch\/?post_type=tribe_events&#038;p=243865"},"modified":"2023-01-10T15:18:12","modified_gmt":"2023-01-10T14:18:12","slug":"mercredi-9-11-ans-atelier-decouverte-du-theatre-2","status":"publish","type":"tribe_events","link":"https:\/\/cap-epalinges.ch\/event\/mercredi-9-11-ans-atelier-decouverte-du-theatre-2\/","title":{"rendered":"Mercredi 9-11 ans : Atelier d\u00e9couverte du th\u00e9\u00e2tre | Complet"},"content":{"rendered":"<p>2<sup>\u00e8me<\/sup> session pour continuer \u00e0 explorer les milliards de trucs qu\u2019on peut faire gr\u00e2ce au th\u00e9\u00e2tre\u00a0! On y va en douceur, t\u2019as m\u00eame pas besoin d\u2019avoir d\u00e9j\u00e0 fait du th\u00e9\u00e2tre pour passer ce moment avec nous.<\/p>\n<hr \/>\n<h4><\/h4>\n<h4>LES MERCREDIS 9-11 ANS : C\u2019EST QUOI ?<\/h4>\n<p>C\u2019est l\u2019occasion de prendre des repas ensemble, de passer des moments sympas avec tes amis et de faire plein d\u2019activit\u00e9s funs\u00a0! Ces activit\u00e9s sont encadr\u00e9es par des animateurs socioculturels. Le programme des activit\u00e9s est d\u00e9cid\u00e9 ensemble chaque mois.<\/p>\n<h4>\u00c7A SE PASSE COMMENT ?<\/h4>\n<p>Tous les mercredis (sauf vacances scolaires et f\u00e9ri\u00e9s) :<br \/>\nRejoins-nous au CAP (derri\u00e8re le parking de la Migros, \u00e0 la Croix-Blanche),<br \/>\nsoit pour le pique-nique d\u00e8s 12h00 et \/ ou directement \u00e0 13h30 pour l\u2019activit\u00e9.<br \/>\n<strong>En option<\/strong>, un rdv est propos\u00e9 \u00e0 12h devant la biblioth\u00e8que de l\u2019\u00e9cole de Bois-Murat pour monter ensemble en bus au CAP et ensuite pique-niquer au centre.<\/p>\n<p>N\u2019OUBLIE PAS DE PRENDRE TON PIQUE-NIQUE ET TON ABONNEMENT DE BUS AVEC TOI !<\/p>\n<p>Puis de 13h30 \u00e0 17h30, nous faisons des activit\u00e9s ensemble :<br \/>\nbricolages, jeux, sport, films, ateliers cuisine, visites d\u2019expositions, th\u00e9\u00e2tre, balades, etc\u2026<\/p>\n<h4>COMMENT S\u2019INSCRIRE ?<\/h4>\n<p>Tu peux t\u2019inscrire pour l\u2019activit\u00e9 ou pour le pique-nique &amp; l\u2019activit\u00e9 !<br \/>\nInscription : Dor\u00e9navant, les inscriptions aux activit\u00e9s Mercredis 9-11 ans se font en ligne, sur le site du CAP <a href=\"https:\/\/cap-epalinges.ch\/cap-enfants\/#mercredis-9-11-ans\"><i class=\"far fa-arrow-alt-circle-right\"><\/i> toutes les infos ici !<\/a><br \/>\nRenseignements compl\u00e9mentaires aupr\u00e8s des animateurs du CAP au <strong>079 638 53 99<\/strong>.<\/p>\n<p>Co\u00fbt : L\u2019adh\u00e9sion aux Mercredis 9-11 ans co\u00fbte 5.- par ann\u00e9e scolaire + une participation de 5.- par mercredi est factur\u00e9e (go\u00fbter compris). Le paiement des activit\u00e9s est souhait\u00e9 dans un d\u00e9lai de 10 jours d\u00e8s l\u2019inscription, par virement bancaire \u00e0 :<br \/>\nCommune d\u2019Epalinges, Boursier communal CAP<\/p>\n<p><strong>CCP<\/strong>\u00a0: 12-795329-8 \/ <strong>IBAN<\/strong>\u00a0: CH18 0900 0000 12795329 8<\/p>\n<p><em>Merci de pr\u00e9ciser le nom et pr\u00e9nom de l\u2019enfant et la p\u00e9riode des activit\u00e9s r\u00e9gl\u00e9es.<\/em><br \/>\n* Si n\u00e9cessaire, des bulletins de versement sont \u00e0 disposition aupr\u00e8s de l&rsquo;\u00e9quipe d&rsquo;animation<\/p>\n<p><em>Le programme des activit\u00e9s est diffus\u00e9 et change chaque mois.<br \/>\nPour participer aux activit\u00e9s, il faut \u00eatre inscrit et \u00eatre membre JUNIOR du CAP. Ouverture des inscriptions en ligne en g\u00e9n\u00e9ral \u00e0 la fin de chaque mois pour le mois suivant, places limit\u00e9es.<\/em><\/p>\n","protected":false},"excerpt":{"rendered":"<p>2\u00e8me session pour continuer \u00e0 explorer les milliards de trucs qu\u2019on peut faire gr\u00e2ce au th\u00e9\u00e2tre ! On y va en douceur, t\u2019as m\u00eame pas besoin d\u2019avoir d\u00e9j\u00e0 fait du th\u00e9\u00e2tre pour passer ce moment avec nous.<\/p>\n","protected":false},"author":3,"featured_media":243846,"template":"","meta":{"_gkelmt_built_use_built":"","_gkelmt_built_old_content":"","_gkelmt_gb_content_width":"","_tribe_events_status":"","_tribe_events_status_reason":"","_tribe_events_is_hybrid":"","_tribe_events_is_virtual":"","_tribe_events_virtual_video_source":"","_tribe_events_virtual_embed_video":"","_tribe_events_virtual_linked_button_text":"","_tribe_events_virtual_linked_button":"","_tribe_events_virtual_show_embed_at":"","_tribe_events_virtual_show_embed_to":[],"_tribe_events_virtual_show_on_event":"","_tribe_events_virtual_show_on_views":"","_tribe_events_virtual_url":"","footnotes":""},"tags":[],"tribe_events_cat":[30],"class_list":["post-243865","tribe_events","type-tribe_events","status-publish","has-post-thumbnail","hentry","tribe_events_cat-mercredis-9-11-ans","cat_mercredis-9-11-ans"],"seo_gk_head":"<!-- This site is optimized with the Yoast SEO plugin v27.5 - https:\/\/yoast.com\/product\/yoast-seo-wordpress\/ -->\n<title>CAP \u2013 Centre d\u2019animation socioculturelle Palinzard &#062; Mercredi 9-11 ans : Atelier d\u00e9couverte du th\u00e9\u00e2tre | Complet<\/title>\n<meta name=\"robots\" content=\"index, follow, max-snippet:-1, max-image-preview:large, max-video-preview:-1\" \/>\n<link rel=\"canonical\" href=\"https:\/\/cap-epalinges.ch\/event\/mercredi-9-11-ans-atelier-decouverte-du-theatre-2\/\" \/>\n<meta property=\"og:locale\" content=\"fr_FR\" \/>\n<meta property=\"og:type\" content=\"article\" \/>\n<meta property=\"og:title\" content=\"CAP \u2013 Centre d\u2019animation socioculturelle Palinzard &#062; Mercredi 9-11 ans : Atelier d\u00e9couverte du th\u00e9\u00e2tre | Complet\" \/>\n<meta property=\"og:description\" content=\"2\u00e8me session pour continuer \u00e0 explorer les milliards de trucs qu\u2019on peut faire gr\u00e2ce au th\u00e9\u00e2tre ! On y va en douceur, t\u2019as m\u00eame pas besoin d\u2019avoir d\u00e9j\u00e0 fait du th\u00e9\u00e2tre pour passer ce moment avec nous.\" \/>\n<meta property=\"og:url\" content=\"https:\/\/cap-epalinges.ch\/event\/mercredi-9-11-ans-atelier-decouverte-du-theatre-2\/\" \/>\n<meta property=\"og:site_name\" content=\"CAP \u2013 Centre d\u2019animation socioculturelle Palinzard\" \/>\n<meta property=\"article:publisher\" content=\"https:\/\/www.facebook.com\/CAP.Epalinges\/\" \/>\n<meta property=\"article:modified_time\" content=\"2023-01-10T14:18:12+00:00\" \/>\n<meta property=\"og:image\" content=\"https:\/\/cap-epalinges.ch\/imagesgk\/2022\/06\/PetitTheatre_ToutBetement_PhilippePache_5994-web.jpeg\" \/>\n\t<meta property=\"og:image:width\" content=\"900\" \/>\n\t<meta property=\"og:image:height\" content=\"600\" \/>\n\t<meta property=\"og:image:type\" content=\"image\/jpeg\" \/>\n<meta name=\"twitter:card\" content=\"summary_large_image\" \/>\n<meta name=\"twitter:label1\" content=\"Dur\u00e9e de lecture estim\u00e9e\" \/>\n\t<meta name=\"twitter:data1\" content=\"2 minutes\" \/>\n<script type=\"application\/ld+json\" class=\"seo_gk-schema-graph\">{\"@context\":\"https:\\\/\\\/schema.org\",\"@graph\":[{\"@type\":\"WebPage\",\"@id\":\"https:\\\/\\\/cap-epalinges.ch\\\/event\\\/mercredi-9-11-ans-atelier-decouverte-du-theatre-2\\\/\",\"url\":\"https:\\\/\\\/cap-epalinges.ch\\\/event\\\/mercredi-9-11-ans-atelier-decouverte-du-theatre-2\\\/\",\"name\":\"CAP \u2013 Centre d\u2019animation socioculturelle Palinzard &#062; Mercredi 9-11 ans : Atelier d\u00e9couverte du th\u00e9\u00e2tre | Complet\",\"isPartOf\":{\"@id\":\"https:\\\/\\\/cap-epalinges.ch\\\/#website\"},\"primaryImageOfPage\":{\"@id\":\"https:\\\/\\\/cap-epalinges.ch\\\/event\\\/mercredi-9-11-ans-atelier-decouverte-du-theatre-2\\\/#primaryimage\"},\"image\":{\"@id\":\"https:\\\/\\\/cap-epalinges.ch\\\/event\\\/mercredi-9-11-ans-atelier-decouverte-du-theatre-2\\\/#primaryimage\"},\"thumbnailUrl\":\"https:\\\/\\\/cap-epalinges.ch\\\/contenusgk\\\/uploads\\\/2022\\\/06\\\/PetitTheatre_ToutBetement_PhilippePache_5994-web.jpeg\",\"datePublished\":\"2022-12-16T09:30:43+00:00\",\"dateModified\":\"2023-01-10T14:18:12+00:00\",\"breadcrumb\":{\"@id\":\"https:\\\/\\\/cap-epalinges.ch\\\/event\\\/mercredi-9-11-ans-atelier-decouverte-du-theatre-2\\\/#breadcrumb\"},\"inLanguage\":\"fr-FR\",\"potentialAction\":[{\"@type\":\"ReadAction\",\"target\":[\"https:\\\/\\\/cap-epalinges.ch\\\/event\\\/mercredi-9-11-ans-atelier-decouverte-du-theatre-2\\\/\"]}]},{\"@type\":\"ImageObject\",\"inLanguage\":\"fr-FR\",\"@id\":\"https:\\\/\\\/cap-epalinges.ch\\\/event\\\/mercredi-9-11-ans-atelier-decouverte-du-theatre-2\\\/#primaryimage\",\"url\":\"https:\\\/\\\/cap-epalinges.ch\\\/contenusgk\\\/uploads\\\/2022\\\/06\\\/PetitTheatre_ToutBetement_PhilippePache_5994-web.jpeg\",\"contentUrl\":\"https:\\\/\\\/cap-epalinges.ch\\\/contenusgk\\\/uploads\\\/2022\\\/06\\\/PetitTheatre_ToutBetement_PhilippePache_5994-web.jpeg\",\"width\":900,\"height\":600,\"caption\":\"\u00a9 Philippe Pache 2021 . Libre de Droits uniquement pour la promotion de ce spectacle Mention Photo Philippe Pache obligatoire Affiches et flyers non compris Informations Du 3 au 21 f\u00e9vrier 2021 Salle du Petit Th\u00e9\u00e2tre Dur\u00e9e: 55 minutes Pays: Suisse G\u00e9n\u00e9rique Cie Cantamis\u00f9, Le Petit Th\u00e9\u00e2tre de Lausanne, L\u2019Echandole Yverdon-les-Bains Texte Jacques Roman Mise en sc\u00e8ne Isabelle Renaut Direction musicale Florence Renaut Jeu et chant Benjamin Bender, Fran\u00e7ois Karlen et Marie-Emmanuelle Perruchoud Vibraphone, percussions Mathis Pellaux Trompette Simon Pellaux Musique Alexis Gfeller Dramaturgie Guillaume B\u00e9guin Sc\u00e9nographie et costumes Yangalie Kohlbrenner Lumi\u00e8res et r\u00e9gie Line Adam Couture Karine Dubois et C\u00e9cilia Mottier Construction L\u00e9a Glauser, Samuel Luginb\u00fchl et Willy Reverchon Soutiens Ville de Lausanne, Canton de Vaud, Loterie Romande, Fondation Philanthropique Famille Sandoz, La Semeuse, Ville d\u2019Yverdon-les-Bains, Pour-cent culturel Migros, Fondation CEPY, Fondation Ernst G\u00f6hner, Fondation d'aide pour l'insertion professionnelle pour les jeunes artistes des Teintureries (F.A.I.P) - R\u00e9servation - Du 3 au 21 f\u00e9vrier 2021 55 minutes F\u00e9vrier Me 03.02 15h Sa 06.02 14h 17h Di 07.02 11h 15h Me 10.02 15h Sa 13.02 14h 17h Di 14.02 11h 15h Me 17.02 15h Sa 20.02 14h 17h Di 21.02 11h 15h libre- complgkelmt- pass\u00e9 - Photos - - T\u00e9l\u00e9chargements - Photos en haute d\u00e9finition - A \u00e9couter - \\\"Solitaire et solidaire\\\" - Extrait du spectacle - composition Alexis Gfeller - Actualit\u00e9s - Ouverture pour les \u00e9coles Suite aux derni\u00e8res d\u00e9cisions du Conseil F\u00e9d\u00e9ral, Le Petit Th\u00e9\u00e2tre est ferm\u00e9 au public jusqu'\u00e0 la... Fermeture jusqu'au 20 janvier Chers spectateurs, ch\u00e8res spectatrices, Apr\u00e8s de tr\u00e8s nombreux rebondissements, la d\u00e9cision est... Plus de news\"},{\"@type\":\"BreadcrumbList\",\"@id\":\"https:\\\/\\\/cap-epalinges.ch\\\/event\\\/mercredi-9-11-ans-atelier-decouverte-du-theatre-2\\\/#breadcrumb\",\"itemListElement\":[{\"@type\":\"ListItem\",\"position\":1,\"name\":\"Accueil\",\"item\":\"https:\\\/\\\/cap-epalinges.ch\\\/\"},{\"@type\":\"ListItem\",\"position\":2,\"name\":\"\u00c9v\u00e8nements\",\"item\":\"https:\\\/\\\/cap-epalinges.ch\\\/events\\\/\"},{\"@type\":\"ListItem\",\"position\":3,\"name\":\"Mercredi 9-11 ans : Atelier d\u00e9couverte du th\u00e9\u00e2tre | Complet\"}]},{\"@type\":\"WebSite\",\"@id\":\"https:\\\/\\\/cap-epalinges.ch\\\/#website\",\"url\":\"https:\\\/\\\/cap-epalinges.ch\\\/\",\"name\":\"CAP \u2013 Centre d\u2019animation socioculturelle Palinzard\",\"description\":\"\",\"publisher\":{\"@id\":\"https:\\\/\\\/cap-epalinges.ch\\\/#organization\"},\"potentialAction\":[{\"@type\":\"SearchAction\",\"target\":{\"@type\":\"EntryPoint\",\"urlTemplate\":\"https:\\\/\\\/cap-epalinges.ch\\\/?s={search_term_string}\"},\"query-input\":{\"@type\":\"PropertyValueSpecification\",\"valueRequired\":true,\"valueName\":\"search_term_string\"}}],\"inLanguage\":\"fr-FR\"},{\"@type\":\"Organization\",\"@id\":\"https:\\\/\\\/cap-epalinges.ch\\\/#organization\",\"name\":\"CAP \u2013 Centre d\u2019animation socioculturelle Palinzard\",\"alternateName\":\"CAP \u00c9PALINGES\",\"url\":\"https:\\\/\\\/cap-epalinges.ch\\\/\",\"logo\":{\"@type\":\"ImageObject\",\"inLanguage\":\"fr-FR\",\"@id\":\"https:\\\/\\\/cap-epalinges.ch\\\/#\\\/schema\\\/logo\\\/image\\\/\",\"url\":\"https:\\\/\\\/cap-epalinges.ch\\\/contenusgk\\\/uploads\\\/2019\\\/06\\\/logo_CAP_favicon.png\",\"contentUrl\":\"https:\\\/\\\/cap-epalinges.ch\\\/contenusgk\\\/uploads\\\/2019\\\/06\\\/logo_CAP_favicon.png\",\"width\":512,\"height\":512,\"caption\":\"CAP \u2013 Centre d\u2019animation socioculturelle Palinzard\"},\"image\":{\"@id\":\"https:\\\/\\\/cap-epalinges.ch\\\/#\\\/schema\\\/logo\\\/image\\\/\"},\"sameAs\":[\"https:\\\/\\\/www.facebook.com\\\/CAP.Epalinges\\\/\",\"https:\\\/\\\/www.youtube.com\\\/@cap-epalinges\"]}]}<\/script>\n<!-- \/ Yoast SEO plugin. -->","seo_gk_head_json":{"title":"CAP \u2013 Centre d\u2019animation socioculturelle Palinzard &#062; Mercredi 9-11 ans : Atelier d\u00e9couverte du th\u00e9\u00e2tre | Complet","robots":{"index":"index","follow":"follow","max-snippet":"max-snippet:-1","max-image-preview":"max-image-preview:large","max-video-preview":"max-video-preview:-1"},"canonical":"https:\/\/cap-epalinges.ch\/event\/mercredi-9-11-ans-atelier-decouverte-du-theatre-2\/","og_locale":"fr_FR","og_type":"article","og_title":"CAP \u2013 Centre d\u2019animation socioculturelle Palinzard &#062; Mercredi 9-11 ans : Atelier d\u00e9couverte du th\u00e9\u00e2tre | Complet","og_description":"2\u00e8me session pour continuer \u00e0 explorer les milliards de trucs qu\u2019on peut faire gr\u00e2ce au th\u00e9\u00e2tre ! On y va en douceur, t\u2019as m\u00eame pas besoin d\u2019avoir d\u00e9j\u00e0 fait du th\u00e9\u00e2tre pour passer ce moment avec nous.","og_url":"https:\/\/cap-epalinges.ch\/event\/mercredi-9-11-ans-atelier-decouverte-du-theatre-2\/","og_site_name":"CAP \u2013 Centre d\u2019animation socioculturelle Palinzard","article_publisher":"https:\/\/www.facebook.com\/CAP.Epalinges\/","article_modified_time":"2023-01-10T14:18:12+00:00","og_image":[{"width":900,"height":600,"url":"https:\/\/cap-epalinges.ch\/imagesgk\/2022\/06\/PetitTheatre_ToutBetement_PhilippePache_5994-web.jpeg","type":"image\/jpeg"}],"twitter_card":"summary_large_image","twitter_misc":{"Dur\u00e9e de lecture estim\u00e9e":"2 minutes"},"schema":{"@context":"https:\/\/schema.org","@graph":[{"@type":"WebPage","@id":"https:\/\/cap-epalinges.ch\/event\/mercredi-9-11-ans-atelier-decouverte-du-theatre-2\/","url":"https:\/\/cap-epalinges.ch\/event\/mercredi-9-11-ans-atelier-decouverte-du-theatre-2\/","name":"CAP \u2013 Centre d\u2019animation socioculturelle Palinzard &#062; Mercredi 9-11 ans : Atelier d\u00e9couverte du th\u00e9\u00e2tre | Complet","isPartOf":{"@id":"https:\/\/cap-epalinges.ch\/#website"},"primaryImageOfPage":{"@id":"https:\/\/cap-epalinges.ch\/event\/mercredi-9-11-ans-atelier-decouverte-du-theatre-2\/#primaryimage"},"image":{"@id":"https:\/\/cap-epalinges.ch\/event\/mercredi-9-11-ans-atelier-decouverte-du-theatre-2\/#primaryimage"},"thumbnailUrl":"https:\/\/cap-epalinges.ch\/imagesgk\/2022\/06\/PetitTheatre_ToutBetement_PhilippePache_5994-web.jpeg","datePublished":"2022-12-16T09:30:43+00:00","dateModified":"2023-01-10T14:18:12+00:00","breadcrumb":{"@id":"https:\/\/cap-epalinges.ch\/event\/mercredi-9-11-ans-atelier-decouverte-du-theatre-2\/#breadcrumb"},"inLanguage":"fr-FR","potentialAction":[{"@type":"ReadAction","target":["https:\/\/cap-epalinges.ch\/event\/mercredi-9-11-ans-atelier-decouverte-du-theatre-2\/"]}]},{"@type":"ImageObject","inLanguage":"fr-FR","@id":"https:\/\/cap-epalinges.ch\/event\/mercredi-9-11-ans-atelier-decouverte-du-theatre-2\/#primaryimage","url":"https:\/\/cap-epalinges.ch\/imagesgk\/2022\/06\/PetitTheatre_ToutBetement_PhilippePache_5994-web.jpeg","contentUrl":"https:\/\/cap-epalinges.ch\/imagesgk\/2022\/06\/PetitTheatre_ToutBetement_PhilippePache_5994-web.jpeg","width":900,"height":600,"caption":"\u00a9 Philippe Pache 2021 . Libre de Droits uniquement pour la promotion de ce spectacle Mention Photo Philippe Pache obligatoire Affiches et flyers non compris Informations Du 3 au 21 f\u00e9vrier 2021 Salle du Petit Th\u00e9\u00e2tre Dur\u00e9e: 55 minutes Pays: Suisse G\u00e9n\u00e9rique Cie Cantamis\u00f9, Le Petit Th\u00e9\u00e2tre de Lausanne, L\u2019Echandole Yverdon-les-Bains Texte Jacques Roman Mise en sc\u00e8ne Isabelle Renaut Direction musicale Florence Renaut Jeu et chant Benjamin Bender, Fran\u00e7ois Karlen et Marie-Emmanuelle Perruchoud Vibraphone, percussions Mathis Pellaux Trompette Simon Pellaux Musique Alexis Gfeller Dramaturgie Guillaume B\u00e9guin Sc\u00e9nographie et costumes Yangalie Kohlbrenner Lumi\u00e8res et r\u00e9gie Line Adam Couture Karine Dubois et C\u00e9cilia Mottier Construction L\u00e9a Glauser, Samuel Luginb\u00fchl et Willy Reverchon Soutiens Ville de Lausanne, Canton de Vaud, Loterie Romande, Fondation Philanthropique Famille Sandoz, La Semeuse, Ville d\u2019Yverdon-les-Bains, Pour-cent culturel Migros, Fondation CEPY, Fondation Ernst G\u00f6hner, Fondation d'aide pour l'insertion professionnelle pour les jeunes artistes des Teintureries (F.A.I.P) - R\u00e9servation - Du 3 au 21 f\u00e9vrier 2021 55 minutes F\u00e9vrier Me 03.02 15h Sa 06.02 14h 17h Di 07.02 11h 15h Me 10.02 15h Sa 13.02 14h 17h Di 14.02 11h 15h Me 17.02 15h Sa 20.02 14h 17h Di 21.02 11h 15h libre- complgkelmt- pass\u00e9 - Photos - - T\u00e9l\u00e9chargements - Photos en haute d\u00e9finition - A \u00e9couter - \"Solitaire et solidaire\" - Extrait du spectacle - composition Alexis Gfeller - Actualit\u00e9s - Ouverture pour les \u00e9coles Suite aux derni\u00e8res d\u00e9cisions du Conseil F\u00e9d\u00e9ral, Le Petit Th\u00e9\u00e2tre est ferm\u00e9 au public jusqu'\u00e0 la... Fermeture jusqu'au 20 janvier Chers spectateurs, ch\u00e8res spectatrices, Apr\u00e8s de tr\u00e8s nombreux rebondissements, la d\u00e9cision est... Plus de news"},{"@type":"BreadcrumbList","@id":"https:\/\/cap-epalinges.ch\/event\/mercredi-9-11-ans-atelier-decouverte-du-theatre-2\/#breadcrumb","itemListElement":[{"@type":"ListItem","position":1,"name":"Accueil","item":"https:\/\/cap-epalinges.ch\/"},{"@type":"ListItem","position":2,"name":"\u00c9v\u00e8nements","item":"https:\/\/cap-epalinges.ch\/events\/"},{"@type":"ListItem","position":3,"name":"Mercredi 9-11 ans : Atelier d\u00e9couverte du th\u00e9\u00e2tre | Complet"}]},{"@type":"WebSite","@id":"https:\/\/cap-epalinges.ch\/#website","url":"https:\/\/cap-epalinges.ch\/","name":"CAP \u2013 Centre d\u2019animation socioculturelle Palinzard","description":"","publisher":{"@id":"https:\/\/cap-epalinges.ch\/#organization"},"potentialAction":[{"@type":"SearchAction","target":{"@type":"EntryPoint","urlTemplate":"https:\/\/cap-epalinges.ch\/?s={search_term_string}"},"query-input":{"@type":"PropertyValueSpecification","valueRequired":true,"valueName":"search_term_string"}}],"inLanguage":"fr-FR"},{"@type":"Organization","@id":"https:\/\/cap-epalinges.ch\/#organization","name":"CAP \u2013 Centre d\u2019animation socioculturelle Palinzard","alternateName":"CAP \u00c9PALINGES","url":"https:\/\/cap-epalinges.ch\/","logo":{"@type":"ImageObject","inLanguage":"fr-FR","@id":"https:\/\/cap-epalinges.ch\/#\/schema\/logo\/image\/","url":"https:\/\/cap-epalinges.ch\/imagesgk\/2019\/06\/logo_CAP_favicon.png","contentUrl":"https:\/\/cap-epalinges.ch\/imagesgk\/2019\/06\/logo_CAP_favicon.png","width":512,"height":512,"caption":"CAP \u2013 Centre d\u2019animation socioculturelle Palinzard"},"image":{"@id":"https:\/\/cap-epalinges.ch\/#\/schema\/logo\/image\/"},"sameAs":["https:\/\/www.facebook.com\/CAP.Epalinges\/","https:\/\/www.youtube.com\/@cap-epalinges"]}]}},"_links":{"self":[{"href":"https:\/\/cap-epalinges.ch\/api-json-gk\/wp\/v2\/tribe_events\/243865","targetHints":{"allow":["GET"]}}],"collection":[{"href":"https:\/\/cap-epalinges.ch\/api-json-gk\/wp\/v2\/tribe_events"}],"about":[{"href":"https:\/\/cap-epalinges.ch\/api-json-gk\/wp\/v2\/types\/tribe_events"}],"author":[{"embeddable":true,"href":"https:\/\/cap-epalinges.ch\/api-json-gk\/wp\/v2\/users\/3"}],"version-history":[{"count":0,"href":"https:\/\/cap-epalinges.ch\/api-json-gk\/wp\/v2\/tribe_events\/243865\/revisions"}],"wp:featuredmedia":[{"embeddable":true,"href":"https:\/\/cap-epalinges.ch\/api-json-gk\/wp\/v2\/media\/243846"}],"wp:attachment":[{"href":"https:\/\/cap-epalinges.ch\/api-json-gk\/wp\/v2\/media?parent=243865"}],"wp:term":[{"taxonomy":"post_tag","embeddable":true,"href":"https:\/\/cap-epalinges.ch\/api-json-gk\/wp\/v2\/tags?post=243865"},{"taxonomy":"tribe_events_cat","embeddable":true,"href":"https:\/\/cap-epalinges.ch\/api-json-gk\/wp\/v2\/tribe_events_cat?post=243865"}],"curies":[{"name":"wp","href":"https:\/\/api.w.org\/{rel}","templated":true}]}}