{"id":248135,"date":"2026-03-05T15:15:56","date_gmt":"2026-03-05T14:15:56","guid":{"rendered":"https:\/\/cap-epalinges.ch\/?post_type=tribe_events&#038;p=248135"},"modified":"2026-03-05T15:15:56","modified_gmt":"2026-03-05T14:15:56","slug":"action-solidaire-pour-solidarite-epalinges-environs","status":"publish","type":"tribe_events","link":"https:\/\/cap-epalinges.ch\/event\/action-solidaire-pour-solidarite-epalinges-environs\/","title":{"rendered":"Action solidaire pour Solidarit\u00e9 \u00c9palinges &#038; environs"},"content":{"rendered":"<p>Suite au grand succ\u00e8s de notre r\u00e9colte en fin d\u2019ann\u00e9e 2025, on d\u00e9cide d\u2019en<br \/>\norganiser une nouvelle ce printemps. C\u2019est simple, on se rend au centre<br \/>\ncommercial et on propose aux personnes qui font leur courses d\u2019acheter des<br \/>\nproduits de premi\u00e8re n\u00e9cessit\u00e9 (nourriture, savon et dentifrice par exemple)<br \/>\nqu\u2019on remet ensuite \u00e0 l\u2019association \u00abSolidarit\u00e9 Epalinges et environ\u00bb. Elle<br \/>\nsoutient les personnes de la commune qui en ont besoin. Si tu as envie de<br \/>\nt\u2019engager, annonce-toi aupr\u00e8s des animateurices du CAP.<\/p>\n<p>RDV au centre \u00e0 15h45<br \/>\n(l\u2019accueil est ouvert<br \/>\navant, de 14h \u00e0 15h45)<\/p>\n","protected":false},"excerpt":{"rendered":"<p>Action solidaire pour Solidarit\u00e9 \u00c9palinges &#038; environs<br \/>\nIl te faudra un maillot de bain, un linge et tous tes potes pour passer un apr\u00e8s-midi inoubliable! L&rsquo;accueil libre sera ferm\u00e9 \u00e0 cette occasion. Reprise dimanche 13.04, d\u00e8s 14h.<\/p>\n<p>RDV: 11h00 sur le parking de la Migros avec un pique-nique.<\/p>\n<p>Retour: vers 18h30<\/p>\n<p>Participante-x-s: min. 6 \/ max. 16<\/p>\n<p>D\u00e9lai d&rsquo;inscription: vendredi 4 avril 2025<\/p>\n<p>Prix inclus : transport, entr\u00e9e au parc et go\u00fbter<\/p>\n","protected":false},"author":23,"featured_media":248015,"template":"","meta":{"_gkelmt_built_use_built":"","_gkelmt_built_old_content":"","_gkelmt_gb_content_width":"","_tribe_events_status":"","_tribe_events_status_reason":"","_tribe_events_is_hybrid":"","_tribe_events_is_virtual":"","_tribe_events_virtual_video_source":"","_tribe_events_virtual_embed_video":"","_tribe_events_virtual_linked_button_text":"","_tribe_events_virtual_linked_button":"","_tribe_events_virtual_show_embed_at":"","_tribe_events_virtual_show_embed_to":[],"_tribe_events_virtual_show_on_event":"","_tribe_events_virtual_show_on_views":"","_tribe_events_virtual_url":"","footnotes":""},"tags":[],"tribe_events_cat":[28],"class_list":["post-248135","tribe_events","type-tribe_events","status-publish","has-post-thumbnail","hentry","tribe_events_cat-sorties","cat_sorties"],"seo_gk_head":"<!-- This site is optimized with the Yoast SEO plugin v28.4 - https:\/\/yoast.com\/product\/yoast-seo-wordpress\/ -->\n<title>CAP \u2013 Centre d\u2019animation socioculturelle Palinzard &#062; Action solidaire pour Solidarit\u00e9 \u00c9palinges &amp; environs<\/title>\n<meta name=\"description\" content=\"Et si tu faisais un petit geste \u00e0 grand impact pour finir l&#039;ann\u00e9e? Rejoins notre collecte solidaire pour l&#039;association Solidarit\u00e9 Epalinges, qui soutient des personnes en difficult\u00e9 de la commune. Le principe: au centre commercial de Croix-Blanche, on invite les client-e-x-s \u00e0 acheter des produits essentiels (p\u00e2tes, savon, dentifrice...) \u00e0 offrir \u00e0 l&#039;association. Viens participer, sensibiliser, donner un coup de main. La solidarit\u00e9 commence pr\u00e8s de chez soi!\" \/>\n<meta name=\"robots\" content=\"index, follow, max-snippet:-1, max-image-preview:large, max-video-preview:-1\" \/>\n<link rel=\"canonical\" href=\"https:\/\/cap-epalinges.ch\/event\/action-solidaire-pour-solidarite-epalinges-environs\/\" \/>\n<meta property=\"og:locale\" content=\"fr_FR\" \/>\n<meta property=\"og:type\" content=\"article\" \/>\n<meta property=\"og:title\" content=\"CAP \u2013 Centre d\u2019animation socioculturelle Palinzard &#062; Action solidaire pour Solidarit\u00e9 \u00c9palinges &amp; environs\" \/>\n<meta property=\"og:description\" content=\"Et si tu faisais un petit geste \u00e0 grand impact pour finir l&#039;ann\u00e9e? Rejoins notre collecte solidaire pour l&#039;association Solidarit\u00e9 Epalinges, qui soutient des personnes en difficult\u00e9 de la commune. Le principe: au centre commercial de Croix-Blanche, on invite les client-e-x-s \u00e0 acheter des produits essentiels (p\u00e2tes, savon, dentifrice...) \u00e0 offrir \u00e0 l&#039;association. Viens participer, sensibiliser, donner un coup de main. La solidarit\u00e9 commence pr\u00e8s de chez soi!\" \/>\n<meta property=\"og:url\" content=\"https:\/\/cap-epalinges.ch\/event\/action-solidaire-pour-solidarite-epalinges-environs\/\" \/>\n<meta property=\"og:site_name\" content=\"CAP \u2013 Centre d\u2019animation socioculturelle Palinzard\" \/>\n<meta property=\"article:publisher\" content=\"https:\/\/www.facebook.com\/CAP.Epalinges\/\" \/>\n<meta property=\"og:image\" content=\"https:\/\/cap-epalinges.ch\/imagesgk\/2025\/10\/solidarite.png\" \/>\n\t<meta property=\"og:image:width\" content=\"225\" \/>\n\t<meta property=\"og:image:height\" content=\"225\" \/>\n\t<meta property=\"og:image:type\" content=\"image\/png\" \/>\n<meta name=\"twitter:card\" content=\"summary_large_image\" \/>\n<meta name=\"twitter:label1\" content=\"Dur\u00e9e de lecture estim\u00e9e\" \/>\n\t<meta name=\"twitter:data1\" content=\"1 minute\" \/>\n<script type=\"application\/ld+json\" class=\"seo_gk-schema-graph\">{\"@context\":\"https:\\\/\\\/schema.org\",\"@graph\":[{\"@type\":\"WebPage\",\"@id\":\"https:\\\/\\\/cap-epalinges.ch\\\/event\\\/action-solidaire-pour-solidarite-epalinges-environs\\\/\",\"url\":\"https:\\\/\\\/cap-epalinges.ch\\\/event\\\/action-solidaire-pour-solidarite-epalinges-environs\\\/\",\"name\":\"CAP \u2013 Centre d\u2019animation socioculturelle Palinzard &#062; Action solidaire pour Solidarit\u00e9 \u00c9palinges & environs\",\"isPartOf\":{\"@id\":\"https:\\\/\\\/cap-epalinges.ch\\\/#website\"},\"primaryImageOfPage\":{\"@id\":\"https:\\\/\\\/cap-epalinges.ch\\\/event\\\/action-solidaire-pour-solidarite-epalinges-environs\\\/#primaryimage\"},\"image\":{\"@id\":\"https:\\\/\\\/cap-epalinges.ch\\\/event\\\/action-solidaire-pour-solidarite-epalinges-environs\\\/#primaryimage\"},\"thumbnailUrl\":\"https:\\\/\\\/cap-epalinges.ch\\\/contenusgk\\\/uploads\\\/2025\\\/10\\\/solidarite.png\",\"datePublished\":\"2026-03-05T14:15:56+00:00\",\"description\":\"Et si tu faisais un petit geste \u00e0 grand impact pour finir l'ann\u00e9e? Rejoins notre collecte solidaire pour l'association Solidarit\u00e9 Epalinges, qui soutient des personnes en difficult\u00e9 de la commune. Le principe: au centre commercial de Croix-Blanche, on invite les client-e-x-s \u00e0 acheter des produits essentiels (p\u00e2tes, savon, dentifrice...) \u00e0 offrir \u00e0 l'association. Viens participer, sensibiliser, donner un coup de main. La solidarit\u00e9 commence pr\u00e8s de chez soi!\",\"breadcrumb\":{\"@id\":\"https:\\\/\\\/cap-epalinges.ch\\\/event\\\/action-solidaire-pour-solidarite-epalinges-environs\\\/#breadcrumb\"},\"inLanguage\":\"fr-FR\",\"potentialAction\":[{\"@type\":\"ReadAction\",\"target\":[\"https:\\\/\\\/cap-epalinges.ch\\\/event\\\/action-solidaire-pour-solidarite-epalinges-environs\\\/\"]}]},{\"@type\":\"ImageObject\",\"inLanguage\":\"fr-FR\",\"@id\":\"https:\\\/\\\/cap-epalinges.ch\\\/event\\\/action-solidaire-pour-solidarite-epalinges-environs\\\/#primaryimage\",\"url\":\"https:\\\/\\\/cap-epalinges.ch\\\/contenusgk\\\/uploads\\\/2025\\\/10\\\/solidarite.png\",\"contentUrl\":\"https:\\\/\\\/cap-epalinges.ch\\\/contenusgk\\\/uploads\\\/2025\\\/10\\\/solidarite.png\",\"width\":225,\"height\":225},{\"@type\":\"BreadcrumbList\",\"@id\":\"https:\\\/\\\/cap-epalinges.ch\\\/event\\\/action-solidaire-pour-solidarite-epalinges-environs\\\/#breadcrumb\",\"itemListElement\":[{\"@type\":\"ListItem\",\"position\":1,\"name\":\"Accueil\",\"item\":\"https:\\\/\\\/cap-epalinges.ch\\\/\"},{\"@type\":\"ListItem\",\"position\":2,\"name\":\"\u00c9v\u00e8nements\",\"item\":\"https:\\\/\\\/cap-epalinges.ch\\\/events\\\/\"},{\"@type\":\"ListItem\",\"position\":3,\"name\":\"Action solidaire pour Solidarit\u00e9 \u00c9palinges &#038; environs\"}]},{\"@type\":\"WebSite\",\"@id\":\"https:\\\/\\\/cap-epalinges.ch\\\/#website\",\"url\":\"https:\\\/\\\/cap-epalinges.ch\\\/\",\"name\":\"CAP \u2013 Centre d\u2019animation socioculturelle Palinzard\",\"description\":\"\",\"publisher\":{\"@id\":\"https:\\\/\\\/cap-epalinges.ch\\\/#organization\"},\"potentialAction\":[{\"@type\":\"SearchAction\",\"target\":{\"@type\":\"EntryPoint\",\"urlTemplate\":\"https:\\\/\\\/cap-epalinges.ch\\\/?s={search_term_string}\"},\"query-input\":{\"@type\":\"PropertyValueSpecification\",\"valueRequired\":true,\"valueName\":\"search_term_string\"}}],\"inLanguage\":\"fr-FR\"},{\"@type\":\"Organization\",\"@id\":\"https:\\\/\\\/cap-epalinges.ch\\\/#organization\",\"name\":\"CAP \u2013 Centre d\u2019animation socioculturelle Palinzard\",\"alternateName\":\"CAP \u00c9PALINGES\",\"url\":\"https:\\\/\\\/cap-epalinges.ch\\\/\",\"logo\":{\"@type\":\"ImageObject\",\"inLanguage\":\"fr-FR\",\"@id\":\"https:\\\/\\\/cap-epalinges.ch\\\/#\\\/schema\\\/logo\\\/image\\\/\",\"url\":\"https:\\\/\\\/cap-epalinges.ch\\\/contenusgk\\\/uploads\\\/2019\\\/06\\\/logo_CAP_favicon.png\",\"contentUrl\":\"https:\\\/\\\/cap-epalinges.ch\\\/contenusgk\\\/uploads\\\/2019\\\/06\\\/logo_CAP_favicon.png\",\"width\":512,\"height\":512,\"caption\":\"CAP \u2013 Centre d\u2019animation socioculturelle Palinzard\"},\"image\":{\"@id\":\"https:\\\/\\\/cap-epalinges.ch\\\/#\\\/schema\\\/logo\\\/image\\\/\"},\"sameAs\":[\"https:\\\/\\\/www.facebook.com\\\/CAP.Epalinges\\\/\",\"https:\\\/\\\/www.youtube.com\\\/@cap-epalinges\"]}]}<\/script>\n<!-- \/ Yoast SEO plugin. -->","seo_gk_head_json":{"title":"CAP \u2013 Centre d\u2019animation socioculturelle Palinzard &#062; Action solidaire pour Solidarit\u00e9 \u00c9palinges & environs","description":"Et si tu faisais un petit geste \u00e0 grand impact pour finir l'ann\u00e9e? Rejoins notre collecte solidaire pour l'association Solidarit\u00e9 Epalinges, qui soutient des personnes en difficult\u00e9 de la commune. Le principe: au centre commercial de Croix-Blanche, on invite les client-e-x-s \u00e0 acheter des produits essentiels (p\u00e2tes, savon, dentifrice...) \u00e0 offrir \u00e0 l'association. Viens participer, sensibiliser, donner un coup de main. La solidarit\u00e9 commence pr\u00e8s de chez soi!","robots":{"index":"index","follow":"follow","max-snippet":"max-snippet:-1","max-image-preview":"max-image-preview:large","max-video-preview":"max-video-preview:-1"},"canonical":"https:\/\/cap-epalinges.ch\/event\/action-solidaire-pour-solidarite-epalinges-environs\/","og_locale":"fr_FR","og_type":"article","og_title":"CAP \u2013 Centre d\u2019animation socioculturelle Palinzard &#062; Action solidaire pour Solidarit\u00e9 \u00c9palinges & environs","og_description":"Et si tu faisais un petit geste \u00e0 grand impact pour finir l'ann\u00e9e? Rejoins notre collecte solidaire pour l'association Solidarit\u00e9 Epalinges, qui soutient des personnes en difficult\u00e9 de la commune. Le principe: au centre commercial de Croix-Blanche, on invite les client-e-x-s \u00e0 acheter des produits essentiels (p\u00e2tes, savon, dentifrice...) \u00e0 offrir \u00e0 l'association. Viens participer, sensibiliser, donner un coup de main. La solidarit\u00e9 commence pr\u00e8s de chez soi!","og_url":"https:\/\/cap-epalinges.ch\/event\/action-solidaire-pour-solidarite-epalinges-environs\/","og_site_name":"CAP \u2013 Centre d\u2019animation socioculturelle Palinzard","article_publisher":"https:\/\/www.facebook.com\/CAP.Epalinges\/","og_image":[{"width":225,"height":225,"url":"https:\/\/cap-epalinges.ch\/imagesgk\/2025\/10\/solidarite.png","type":"image\/png"}],"twitter_card":"summary_large_image","twitter_misc":{"Dur\u00e9e de lecture estim\u00e9e":"1 minute"},"schema":{"@context":"https:\/\/schema.org","@graph":[{"@type":"WebPage","@id":"https:\/\/cap-epalinges.ch\/event\/action-solidaire-pour-solidarite-epalinges-environs\/","url":"https:\/\/cap-epalinges.ch\/event\/action-solidaire-pour-solidarite-epalinges-environs\/","name":"CAP \u2013 Centre d\u2019animation socioculturelle Palinzard &#062; Action solidaire pour Solidarit\u00e9 \u00c9palinges & environs","isPartOf":{"@id":"https:\/\/cap-epalinges.ch\/#website"},"primaryImageOfPage":{"@id":"https:\/\/cap-epalinges.ch\/event\/action-solidaire-pour-solidarite-epalinges-environs\/#primaryimage"},"image":{"@id":"https:\/\/cap-epalinges.ch\/event\/action-solidaire-pour-solidarite-epalinges-environs\/#primaryimage"},"thumbnailUrl":"https:\/\/cap-epalinges.ch\/imagesgk\/2025\/10\/solidarite.png","datePublished":"2026-03-05T14:15:56+00:00","description":"Et si tu faisais un petit geste \u00e0 grand impact pour finir l'ann\u00e9e? Rejoins notre collecte solidaire pour l'association Solidarit\u00e9 Epalinges, qui soutient des personnes en difficult\u00e9 de la commune. Le principe: au centre commercial de Croix-Blanche, on invite les client-e-x-s \u00e0 acheter des produits essentiels (p\u00e2tes, savon, dentifrice...) \u00e0 offrir \u00e0 l'association. Viens participer, sensibiliser, donner un coup de main. La solidarit\u00e9 commence pr\u00e8s de chez soi!","breadcrumb":{"@id":"https:\/\/cap-epalinges.ch\/event\/action-solidaire-pour-solidarite-epalinges-environs\/#breadcrumb"},"inLanguage":"fr-FR","potentialAction":[{"@type":"ReadAction","target":["https:\/\/cap-epalinges.ch\/event\/action-solidaire-pour-solidarite-epalinges-environs\/"]}]},{"@type":"ImageObject","inLanguage":"fr-FR","@id":"https:\/\/cap-epalinges.ch\/event\/action-solidaire-pour-solidarite-epalinges-environs\/#primaryimage","url":"https:\/\/cap-epalinges.ch\/imagesgk\/2025\/10\/solidarite.png","contentUrl":"https:\/\/cap-epalinges.ch\/imagesgk\/2025\/10\/solidarite.png","width":225,"height":225},{"@type":"BreadcrumbList","@id":"https:\/\/cap-epalinges.ch\/event\/action-solidaire-pour-solidarite-epalinges-environs\/#breadcrumb","itemListElement":[{"@type":"ListItem","position":1,"name":"Accueil","item":"https:\/\/cap-epalinges.ch\/"},{"@type":"ListItem","position":2,"name":"\u00c9v\u00e8nements","item":"https:\/\/cap-epalinges.ch\/events\/"},{"@type":"ListItem","position":3,"name":"Action solidaire pour Solidarit\u00e9 \u00c9palinges &#038; environs"}]},{"@type":"WebSite","@id":"https:\/\/cap-epalinges.ch\/#website","url":"https:\/\/cap-epalinges.ch\/","name":"CAP \u2013 Centre d\u2019animation socioculturelle Palinzard","description":"","publisher":{"@id":"https:\/\/cap-epalinges.ch\/#organization"},"potentialAction":[{"@type":"SearchAction","target":{"@type":"EntryPoint","urlTemplate":"https:\/\/cap-epalinges.ch\/?s={search_term_string}"},"query-input":{"@type":"PropertyValueSpecification","valueRequired":true,"valueName":"search_term_string"}}],"inLanguage":"fr-FR"},{"@type":"Organization","@id":"https:\/\/cap-epalinges.ch\/#organization","name":"CAP \u2013 Centre d\u2019animation socioculturelle Palinzard","alternateName":"CAP \u00c9PALINGES","url":"https:\/\/cap-epalinges.ch\/","logo":{"@type":"ImageObject","inLanguage":"fr-FR","@id":"https:\/\/cap-epalinges.ch\/#\/schema\/logo\/image\/","url":"https:\/\/cap-epalinges.ch\/imagesgk\/2019\/06\/logo_CAP_favicon.png","contentUrl":"https:\/\/cap-epalinges.ch\/imagesgk\/2019\/06\/logo_CAP_favicon.png","width":512,"height":512,"caption":"CAP \u2013 Centre d\u2019animation socioculturelle Palinzard"},"image":{"@id":"https:\/\/cap-epalinges.ch\/#\/schema\/logo\/image\/"},"sameAs":["https:\/\/www.facebook.com\/CAP.Epalinges\/","https:\/\/www.youtube.com\/@cap-epalinges"]}]}},"_links":{"self":[{"href":"https:\/\/cap-epalinges.ch\/api-json-gk\/wp\/v2\/tribe_events\/248135","targetHints":{"allow":["GET"]}}],"collection":[{"href":"https:\/\/cap-epalinges.ch\/api-json-gk\/wp\/v2\/tribe_events"}],"about":[{"href":"https:\/\/cap-epalinges.ch\/api-json-gk\/wp\/v2\/types\/tribe_events"}],"author":[{"embeddable":true,"href":"https:\/\/cap-epalinges.ch\/api-json-gk\/wp\/v2\/users\/23"}],"version-history":[{"count":2,"href":"https:\/\/cap-epalinges.ch\/api-json-gk\/wp\/v2\/tribe_events\/248135\/revisions"}],"predecessor-version":[{"id":248137,"href":"https:\/\/cap-epalinges.ch\/api-json-gk\/wp\/v2\/tribe_events\/248135\/revisions\/248137"}],"wp:featuredmedia":[{"embeddable":true,"href":"https:\/\/cap-epalinges.ch\/api-json-gk\/wp\/v2\/media\/248015"}],"wp:attachment":[{"href":"https:\/\/cap-epalinges.ch\/api-json-gk\/wp\/v2\/media?parent=248135"}],"wp:term":[{"taxonomy":"post_tag","embeddable":true,"href":"https:\/\/cap-epalinges.ch\/api-json-gk\/wp\/v2\/tags?post=248135"},{"taxonomy":"tribe_events_cat","embeddable":true,"href":"https:\/\/cap-epalinges.ch\/api-json-gk\/wp\/v2\/tribe_events_cat?post=248135"}],"curies":[{"name":"wp","href":"https:\/\/api.w.org\/{rel}","templated":true}]}}