{"id":5834,"date":"2020-03-26T17:08:35","date_gmt":"2020-03-26T16:08:35","guid":{"rendered":"https:\/\/cap-epalinges.ch\/?post_type=tribe_events&#038;p=5834"},"modified":"2021-07-15T22:17:45","modified_gmt":"2021-07-15T20:17:45","slug":"le-centre-est-ferme-mais","status":"publish","type":"tribe_events","link":"https:\/\/cap-epalinges.ch\/event\/le-centre-est-ferme-mais\/","title":{"rendered":"Le centre est ferm\u00e9, mais&#8230;"},"content":{"rendered":"<p>Nous restons disponibles pour vous tou.te.s aux num\u00e9ros suivants :<\/p>\n<p>Pour les enfants et leurs parents en lien avec les \u00ab\u00a09-11 ans\u00a0\u00bb\u00a0: <strong>079 638 53 99<\/strong><\/p>\n<p>Pour les r\u00e9sidents des appartements prot\u00e9g\u00e9s\u00a0: <strong>079 861 24 00<\/strong><\/p>\n<p>Pour toute autre personne\u00a0: <strong>079 552 66 51<\/strong><\/p>\n<p>N\u2019h\u00e9sitez-pas \u00e0 nous appeler pour \u00e9changer, discuter, proposer des id\u00e9es, faire des blagues, \u00e9couter des po\u00e8mes ou des histoires, chanter\u2026<\/p>\n<p>Pour les informations officielles, rendez-vous sur le site de la commune d\u2019Epalinges qui regorge d\u2019informations indispensables et int\u00e9ressantes : <a href=\"https:\/\/www.epalinges.ch\/covid-19\">c\u2019est ici.<\/a><\/p>\n<p>Pour le reste, visitez notre nouvelle page en <strong><a href=\"https:\/\/www.cap-epalinges.ch\/cap-casa\">cliquant ici.<\/a><\/strong> Indispensable en ces temps de confinement, elle vise \u00e0 vous proposer des activit\u00e9s, mais aussi \u00e0 vous informer des possibilit\u00e9s d\u2019aide, d\u2019\u00e9coute ou d\u2019engagement solidaire dans la commune ou le canton.<\/p>\n<p>Nous restons actifs sur Instagram et Facebook, consultez ainsi r\u00e9guli\u00e8rement nos \u00ab\u00a0news\u00a0\u00bb en <a href=\"https:\/\/www.cap-epalinges.ch\">page d&rsquo;accueil du site<\/a>. Nous mettons en place de nouvelles activit\u00e9s en ligne pour rester en lien avec la population palinzarde. Le CAP est ferm\u00e9, mais les animateurs et animatrices viennent \u00e0 vous depuis leur salon !<\/p>\n<p>Nous pensons bien \u00e0 vous et vous souhaitons sant\u00e9 et courage.<\/p>\n<p>A tr\u00e8s vite ! Solidairement,<\/p>\n<p>L\u2019\u00e9quipe du CAP<\/p>\n","protected":false},"excerpt":{"rendered":"<p>Nous restons disponibles pour vous tou.te.s aux num\u00e9ros suivants :<\/p>\n<p>Pour les enfants et leurs parents en lien avec les \u00ab\u00a09-11 ans\u00a0\u00bb\u00a0: 079 638 53 99<br \/>\nPour les r\u00e9sidents des appartements prot\u00e9g\u00e9s\u00a0: 079 861 24 00<br \/>\nPour toute autre personne\u00a0: 079 552 66 51<\/p>\n<p>N\u2019h\u00e9sitez-pas \u00e0 nous appeler pour \u00e9changer, discuter, proposer des id\u00e9es, faire des blagues, \u00e9couter des po\u00e8mes ou des histoires, chanter\u2026<br \/>\nEt pour le reste, toutes les infos sont sur notre page d&rsquo;accueil !<\/p>\n","protected":false},"author":3,"featured_media":1080,"template":"","meta":{"_gkelmt_built_use_built":"","_gkelmt_built_old_content":"","_gkelmt_gb_content_width":"","_tribe_events_status":"","_tribe_events_status_reason":"","_tribe_events_is_hybrid":"","_tribe_events_is_virtual":"","_tribe_events_virtual_video_source":"","_tribe_events_virtual_embed_video":"","_tribe_events_virtual_linked_button_text":"","_tribe_events_virtual_linked_button":"","_tribe_events_virtual_show_embed_at":"","_tribe_events_virtual_show_embed_to":[],"_tribe_events_virtual_show_on_event":"","_tribe_events_virtual_show_on_views":"","_tribe_events_virtual_url":"","footnotes":""},"tags":[],"tribe_events_cat":[29,27,31,33],"class_list":["post-5834","tribe_events","type-tribe_events","status-publish","has-post-thumbnail","hentry","tribe_events_cat-cap-enfants","tribe_events_cat-cap-jeunes","tribe_events_cat-cap-familles","tribe_events_cat-cap-seniors","cat_cap-enfants","cat_cap-jeunes","cat_cap-familles","cat_cap-seniors"],"seo_gk_head":"<!-- This site is optimized with the Yoast SEO plugin v27.5 - https:\/\/yoast.com\/product\/yoast-seo-wordpress\/ -->\n<title>CAP \u2013 Centre d\u2019animation socioculturelle Palinzard &#062; Le centre est ferm\u00e9, mais...<\/title>\n<meta name=\"robots\" content=\"index, follow, max-snippet:-1, max-image-preview:large, max-video-preview:-1\" \/>\n<link rel=\"canonical\" href=\"https:\/\/cap-epalinges.ch\/event\/le-centre-est-ferme-mais\/\" \/>\n<meta property=\"og:locale\" content=\"fr_FR\" \/>\n<meta property=\"og:type\" content=\"article\" \/>\n<meta property=\"og:title\" content=\"CAP \u2013 Centre d\u2019animation socioculturelle Palinzard &#062; Le centre est ferm\u00e9, mais...\" \/>\n<meta property=\"og:description\" content=\"Nous restons disponibles pour vous tou.te.s aux num\u00e9ros suivants :  Pour les enfants et leurs parents en lien avec les \u00ab\u00a09-11 ans\u00a0\u00bb\u00a0: 079 638 53 99 Pour les r\u00e9sidents des appartements prot\u00e9g\u00e9s\u00a0: 079 861 24 00 Pour toute autre personne\u00a0: 079 552 66 51  N\u2019h\u00e9sitez-pas \u00e0 nous appeler pour \u00e9changer, discuter, proposer des id\u00e9es, faire des blagues, \u00e9couter des po\u00e8mes ou des histoires, chanter\u2026 Et pour le reste, toutes les infos sont sur notre page d&#039;accueil !\" \/>\n<meta property=\"og:url\" content=\"https:\/\/cap-epalinges.ch\/event\/le-centre-est-ferme-mais\/\" \/>\n<meta property=\"og:site_name\" content=\"CAP \u2013 Centre d\u2019animation socioculturelle Palinzard\" \/>\n<meta property=\"article:publisher\" content=\"https:\/\/www.facebook.com\/CAP.Epalinges\/\" \/>\n<meta property=\"article:modified_time\" content=\"2021-07-15T20:17:45+00:00\" \/>\n<meta property=\"og:image\" content=\"https:\/\/cap-epalinges.ch\/imagesgk\/2019\/05\/IMG_5743-1024x768.jpg\" \/>\n\t<meta property=\"og:image:width\" content=\"1024\" \/>\n\t<meta property=\"og:image:height\" content=\"768\" \/>\n\t<meta property=\"og:image:type\" content=\"image\/jpeg\" \/>\n<meta name=\"twitter:card\" content=\"summary_large_image\" \/>\n<meta name=\"twitter:label1\" content=\"Dur\u00e9e de lecture estim\u00e9e\" \/>\n\t<meta name=\"twitter:data1\" content=\"1 minute\" \/>\n<script type=\"application\/ld+json\" class=\"seo_gk-schema-graph\">{\"@context\":\"https:\\\/\\\/schema.org\",\"@graph\":[{\"@type\":\"WebPage\",\"@id\":\"https:\\\/\\\/cap-epalinges.ch\\\/event\\\/le-centre-est-ferme-mais\\\/\",\"url\":\"https:\\\/\\\/cap-epalinges.ch\\\/event\\\/le-centre-est-ferme-mais\\\/\",\"name\":\"CAP \u2013 Centre d\u2019animation socioculturelle Palinzard &#062; Le centre est ferm\u00e9, mais...\",\"isPartOf\":{\"@id\":\"https:\\\/\\\/cap-epalinges.ch\\\/#website\"},\"primaryImageOfPage\":{\"@id\":\"https:\\\/\\\/cap-epalinges.ch\\\/event\\\/le-centre-est-ferme-mais\\\/#primaryimage\"},\"image\":{\"@id\":\"https:\\\/\\\/cap-epalinges.ch\\\/event\\\/le-centre-est-ferme-mais\\\/#primaryimage\"},\"thumbnailUrl\":\"https:\\\/\\\/cap-epalinges.ch\\\/contenusgk\\\/uploads\\\/2019\\\/05\\\/IMG_5743.jpg\",\"datePublished\":\"2020-03-26T16:08:35+00:00\",\"dateModified\":\"2021-07-15T20:17:45+00:00\",\"breadcrumb\":{\"@id\":\"https:\\\/\\\/cap-epalinges.ch\\\/event\\\/le-centre-est-ferme-mais\\\/#breadcrumb\"},\"inLanguage\":\"fr-FR\",\"potentialAction\":[{\"@type\":\"ReadAction\",\"target\":[\"https:\\\/\\\/cap-epalinges.ch\\\/event\\\/le-centre-est-ferme-mais\\\/\"]}]},{\"@type\":\"ImageObject\",\"inLanguage\":\"fr-FR\",\"@id\":\"https:\\\/\\\/cap-epalinges.ch\\\/event\\\/le-centre-est-ferme-mais\\\/#primaryimage\",\"url\":\"https:\\\/\\\/cap-epalinges.ch\\\/contenusgk\\\/uploads\\\/2019\\\/05\\\/IMG_5743.jpg\",\"contentUrl\":\"https:\\\/\\\/cap-epalinges.ch\\\/contenusgk\\\/uploads\\\/2019\\\/05\\\/IMG_5743.jpg\",\"width\":4160,\"height\":3120,\"caption\":\"Processed with Snapseed.\"},{\"@type\":\"BreadcrumbList\",\"@id\":\"https:\\\/\\\/cap-epalinges.ch\\\/event\\\/le-centre-est-ferme-mais\\\/#breadcrumb\",\"itemListElement\":[{\"@type\":\"ListItem\",\"position\":1,\"name\":\"Accueil\",\"item\":\"https:\\\/\\\/cap-epalinges.ch\\\/\"},{\"@type\":\"ListItem\",\"position\":2,\"name\":\"\u00c9v\u00e8nements\",\"item\":\"https:\\\/\\\/cap-epalinges.ch\\\/events\\\/\"},{\"@type\":\"ListItem\",\"position\":3,\"name\":\"Le centre est ferm\u00e9, mais&#8230;\"}]},{\"@type\":\"WebSite\",\"@id\":\"https:\\\/\\\/cap-epalinges.ch\\\/#website\",\"url\":\"https:\\\/\\\/cap-epalinges.ch\\\/\",\"name\":\"CAP \u2013 Centre d\u2019animation socioculturelle Palinzard\",\"description\":\"\",\"publisher\":{\"@id\":\"https:\\\/\\\/cap-epalinges.ch\\\/#organization\"},\"potentialAction\":[{\"@type\":\"SearchAction\",\"target\":{\"@type\":\"EntryPoint\",\"urlTemplate\":\"https:\\\/\\\/cap-epalinges.ch\\\/?s={search_term_string}\"},\"query-input\":{\"@type\":\"PropertyValueSpecification\",\"valueRequired\":true,\"valueName\":\"search_term_string\"}}],\"inLanguage\":\"fr-FR\"},{\"@type\":\"Organization\",\"@id\":\"https:\\\/\\\/cap-epalinges.ch\\\/#organization\",\"name\":\"CAP \u2013 Centre d\u2019animation socioculturelle Palinzard\",\"alternateName\":\"CAP \u00c9PALINGES\",\"url\":\"https:\\\/\\\/cap-epalinges.ch\\\/\",\"logo\":{\"@type\":\"ImageObject\",\"inLanguage\":\"fr-FR\",\"@id\":\"https:\\\/\\\/cap-epalinges.ch\\\/#\\\/schema\\\/logo\\\/image\\\/\",\"url\":\"https:\\\/\\\/cap-epalinges.ch\\\/contenusgk\\\/uploads\\\/2019\\\/06\\\/logo_CAP_favicon.png\",\"contentUrl\":\"https:\\\/\\\/cap-epalinges.ch\\\/contenusgk\\\/uploads\\\/2019\\\/06\\\/logo_CAP_favicon.png\",\"width\":512,\"height\":512,\"caption\":\"CAP \u2013 Centre d\u2019animation socioculturelle Palinzard\"},\"image\":{\"@id\":\"https:\\\/\\\/cap-epalinges.ch\\\/#\\\/schema\\\/logo\\\/image\\\/\"},\"sameAs\":[\"https:\\\/\\\/www.facebook.com\\\/CAP.Epalinges\\\/\",\"https:\\\/\\\/www.youtube.com\\\/@cap-epalinges\"]}]}<\/script>\n<!-- \/ Yoast SEO plugin. -->","seo_gk_head_json":{"title":"CAP \u2013 Centre d\u2019animation socioculturelle Palinzard &#062; Le centre est ferm\u00e9, mais...","robots":{"index":"index","follow":"follow","max-snippet":"max-snippet:-1","max-image-preview":"max-image-preview:large","max-video-preview":"max-video-preview:-1"},"canonical":"https:\/\/cap-epalinges.ch\/event\/le-centre-est-ferme-mais\/","og_locale":"fr_FR","og_type":"article","og_title":"CAP \u2013 Centre d\u2019animation socioculturelle Palinzard &#062; Le centre est ferm\u00e9, mais...","og_description":"Nous restons disponibles pour vous tou.te.s aux num\u00e9ros suivants :  Pour les enfants et leurs parents en lien avec les \u00ab\u00a09-11 ans\u00a0\u00bb\u00a0: 079 638 53 99 Pour les r\u00e9sidents des appartements prot\u00e9g\u00e9s\u00a0: 079 861 24 00 Pour toute autre personne\u00a0: 079 552 66 51  N\u2019h\u00e9sitez-pas \u00e0 nous appeler pour \u00e9changer, discuter, proposer des id\u00e9es, faire des blagues, \u00e9couter des po\u00e8mes ou des histoires, chanter\u2026 Et pour le reste, toutes les infos sont sur notre page d'accueil !","og_url":"https:\/\/cap-epalinges.ch\/event\/le-centre-est-ferme-mais\/","og_site_name":"CAP \u2013 Centre d\u2019animation socioculturelle Palinzard","article_publisher":"https:\/\/www.facebook.com\/CAP.Epalinges\/","article_modified_time":"2021-07-15T20:17:45+00:00","og_image":[{"width":1024,"height":768,"url":"https:\/\/cap-epalinges.ch\/imagesgk\/2019\/05\/IMG_5743-1024x768.jpg","type":"image\/jpeg"}],"twitter_card":"summary_large_image","twitter_misc":{"Dur\u00e9e de lecture estim\u00e9e":"1 minute"},"schema":{"@context":"https:\/\/schema.org","@graph":[{"@type":"WebPage","@id":"https:\/\/cap-epalinges.ch\/event\/le-centre-est-ferme-mais\/","url":"https:\/\/cap-epalinges.ch\/event\/le-centre-est-ferme-mais\/","name":"CAP \u2013 Centre d\u2019animation socioculturelle Palinzard &#062; Le centre est ferm\u00e9, mais...","isPartOf":{"@id":"https:\/\/cap-epalinges.ch\/#website"},"primaryImageOfPage":{"@id":"https:\/\/cap-epalinges.ch\/event\/le-centre-est-ferme-mais\/#primaryimage"},"image":{"@id":"https:\/\/cap-epalinges.ch\/event\/le-centre-est-ferme-mais\/#primaryimage"},"thumbnailUrl":"https:\/\/cap-epalinges.ch\/imagesgk\/2019\/05\/IMG_5743.jpg","datePublished":"2020-03-26T16:08:35+00:00","dateModified":"2021-07-15T20:17:45+00:00","breadcrumb":{"@id":"https:\/\/cap-epalinges.ch\/event\/le-centre-est-ferme-mais\/#breadcrumb"},"inLanguage":"fr-FR","potentialAction":[{"@type":"ReadAction","target":["https:\/\/cap-epalinges.ch\/event\/le-centre-est-ferme-mais\/"]}]},{"@type":"ImageObject","inLanguage":"fr-FR","@id":"https:\/\/cap-epalinges.ch\/event\/le-centre-est-ferme-mais\/#primaryimage","url":"https:\/\/cap-epalinges.ch\/imagesgk\/2019\/05\/IMG_5743.jpg","contentUrl":"https:\/\/cap-epalinges.ch\/imagesgk\/2019\/05\/IMG_5743.jpg","width":4160,"height":3120,"caption":"Processed with Snapseed."},{"@type":"BreadcrumbList","@id":"https:\/\/cap-epalinges.ch\/event\/le-centre-est-ferme-mais\/#breadcrumb","itemListElement":[{"@type":"ListItem","position":1,"name":"Accueil","item":"https:\/\/cap-epalinges.ch\/"},{"@type":"ListItem","position":2,"name":"\u00c9v\u00e8nements","item":"https:\/\/cap-epalinges.ch\/events\/"},{"@type":"ListItem","position":3,"name":"Le centre est ferm\u00e9, mais&#8230;"}]},{"@type":"WebSite","@id":"https:\/\/cap-epalinges.ch\/#website","url":"https:\/\/cap-epalinges.ch\/","name":"CAP \u2013 Centre d\u2019animation socioculturelle Palinzard","description":"","publisher":{"@id":"https:\/\/cap-epalinges.ch\/#organization"},"potentialAction":[{"@type":"SearchAction","target":{"@type":"EntryPoint","urlTemplate":"https:\/\/cap-epalinges.ch\/?s={search_term_string}"},"query-input":{"@type":"PropertyValueSpecification","valueRequired":true,"valueName":"search_term_string"}}],"inLanguage":"fr-FR"},{"@type":"Organization","@id":"https:\/\/cap-epalinges.ch\/#organization","name":"CAP \u2013 Centre d\u2019animation socioculturelle Palinzard","alternateName":"CAP \u00c9PALINGES","url":"https:\/\/cap-epalinges.ch\/","logo":{"@type":"ImageObject","inLanguage":"fr-FR","@id":"https:\/\/cap-epalinges.ch\/#\/schema\/logo\/image\/","url":"https:\/\/cap-epalinges.ch\/imagesgk\/2019\/06\/logo_CAP_favicon.png","contentUrl":"https:\/\/cap-epalinges.ch\/imagesgk\/2019\/06\/logo_CAP_favicon.png","width":512,"height":512,"caption":"CAP \u2013 Centre d\u2019animation socioculturelle Palinzard"},"image":{"@id":"https:\/\/cap-epalinges.ch\/#\/schema\/logo\/image\/"},"sameAs":["https:\/\/www.facebook.com\/CAP.Epalinges\/","https:\/\/www.youtube.com\/@cap-epalinges"]}]}},"_links":{"self":[{"href":"https:\/\/cap-epalinges.ch\/api-json-gk\/wp\/v2\/tribe_events\/5834","targetHints":{"allow":["GET"]}}],"collection":[{"href":"https:\/\/cap-epalinges.ch\/api-json-gk\/wp\/v2\/tribe_events"}],"about":[{"href":"https:\/\/cap-epalinges.ch\/api-json-gk\/wp\/v2\/types\/tribe_events"}],"author":[{"embeddable":true,"href":"https:\/\/cap-epalinges.ch\/api-json-gk\/wp\/v2\/users\/3"}],"version-history":[{"count":0,"href":"https:\/\/cap-epalinges.ch\/api-json-gk\/wp\/v2\/tribe_events\/5834\/revisions"}],"wp:featuredmedia":[{"embeddable":true,"href":"https:\/\/cap-epalinges.ch\/api-json-gk\/wp\/v2\/media\/1080"}],"wp:attachment":[{"href":"https:\/\/cap-epalinges.ch\/api-json-gk\/wp\/v2\/media?parent=5834"}],"wp:term":[{"taxonomy":"post_tag","embeddable":true,"href":"https:\/\/cap-epalinges.ch\/api-json-gk\/wp\/v2\/tags?post=5834"},{"taxonomy":"tribe_events_cat","embeddable":true,"href":"https:\/\/cap-epalinges.ch\/api-json-gk\/wp\/v2\/tribe_events_cat?post=5834"}],"curies":[{"name":"wp","href":"https:\/\/api.w.org\/{rel}","templated":true}]}}